{"id":405,"date":"2025-12-17T11:29:31","date_gmt":"2025-12-17T10:29:31","guid":{"rendered":"https:\/\/espaidelestudi.com\/aula-de-verano\/curs-destiu-preparacio-selectivitat\/"},"modified":"2026-04-29T12:59:38","modified_gmt":"2026-04-29T11:59:38","slug":"curs-destiu-preparacio-selectivitat","status":"publish","type":"page","link":"https:\/\/espaidelestudi.com\/es\/aula-de-verano\/curs-destiu-preparacio-selectivitat\/","title":{"rendered":"Curso de verano Preparaci\u00f3n Selectividad"},"content":{"rendered":"\t\t<div data-elementor-type=\"wp-page\" data-elementor-id=\"405\" class=\"elementor elementor-405 elementor-40\" data-elementor-post-type=\"page\">\n\t\t\t\t<div class=\"elementor-element elementor-element-a4902c1 e-flex e-con-boxed e-con e-parent\" data-id=\"a4902c1\" data-element_type=\"container\" data-e-type=\"container\" data-settings=\"{&quot;background_background&quot;:&quot;classic&quot;,&quot;shape_divider_bottom&quot;:&quot;split&quot;}\">\n\t\t\t\t\t<div class=\"e-con-inner\">\n\t\t\t\t<div class=\"elementor-shape elementor-shape-bottom\" aria-hidden=\"true\" data-negative=\"false\">\n\t\t\t<svg xmlns=\"http:\/\/www.w3.org\/2000\/svg\" viewBox=\"0 0 1000 20\" preserveAspectRatio=\"none\">\n\t<path class=\"elementor-shape-fill\" d=\"M0,0v3c0,0,393.8,0,483.4,0c9.2,0,16.6,7.4,16.6,16.6c0-9.1,7.4-16.6,16.6-16.6C606.2,3,1000,3,1000,3V0H0z\"\/>\n<\/svg>\t\t<\/div>\n\t\t\t\t<div class=\"elementor-element elementor-element-cf9adc4 elementor-widget-mobile__width-inherit elementor-widget elementor-widget-heading\" data-id=\"cf9adc4\" data-element_type=\"widget\" data-e-type=\"widget\" data-widget_type=\"heading.default\">\n\t\t\t\t<div class=\"elementor-widget-container\">\n\t\t\t\t\t<h2 class=\"elementor-heading-title elementor-size-default\">Curso de verano Preparaci\u00f3n Selectividad<\/h2>\t\t\t\t<\/div>\n\t\t\t\t<\/div>\n\t\t\t\t\t<\/div>\n\t\t\t\t<\/div>\n\t\t<div class=\"elementor-element elementor-element-8fcf692 e-flex e-con-boxed e-con e-parent\" data-id=\"8fcf692\" data-element_type=\"container\" data-e-type=\"container\">\n\t\t\t\t\t<div class=\"e-con-inner\">\n\t\t<div class=\"elementor-element elementor-element-e81eb1b e-con-full e-flex e-con e-child\" data-id=\"e81eb1b\" data-element_type=\"container\" data-e-type=\"container\">\n\t\t\t\t<div class=\"elementor-element elementor-element-c7d383e elementor-widget elementor-widget-heading\" data-id=\"c7d383e\" data-element_type=\"widget\" data-e-type=\"widget\" data-widget_type=\"heading.default\">\n\t\t\t\t<div class=\"elementor-widget-container\">\n\t\t\t\t\t<h2 class=\"elementor-heading-title elementor-size-default\">Convocatoria extraordinaria de Septiembre.<\/h2>\t\t\t\t<\/div>\n\t\t\t\t<\/div>\n\t\t\t\t<div class=\"elementor-element elementor-element-059ba9d elementor-widget elementor-widget-text-editor\" data-id=\"059ba9d\" data-element_type=\"widget\" data-e-type=\"widget\" data-widget_type=\"text-editor.default\">\n\t\t\t\t<div class=\"elementor-widget-container\">\n\t\t\t\t\t\t\t\t\t\u00bfNo conseguiste la <strong>nota<\/strong> que necesitabas en la convocatoria de <strong>junio<\/strong>?\n\n\u00bfQuieres <strong>mejorar<\/strong> la nota de alguna <strong>asignatura espec\u00edfica<\/strong>?\t\t\t\t\t\t\t\t<\/div>\n\t\t\t\t<\/div>\n\t\t\t\t<\/div>\n\t\t<div class=\"elementor-element elementor-element-478e688 e-con-full e-flex e-con e-child\" data-id=\"478e688\" data-element_type=\"container\" data-e-type=\"container\">\n\t\t\t\t<div class=\"elementor-element elementor-element-ddd19ee elementor-headline--style-highlight elementor-widget elementor-widget-animated-headline\" data-id=\"ddd19ee\" data-element_type=\"widget\" data-e-type=\"widget\" data-settings=\"{&quot;highlighted_text&quot;:&quot;Sin que te des cuenta, acabar\\u00e1s el mes de julio habiendo estudiado todo lo que te hab\\u00edas propuesto.&quot;,&quot;headline_style&quot;:&quot;highlight&quot;,&quot;marker&quot;:&quot;circle&quot;,&quot;loop&quot;:&quot;yes&quot;,&quot;highlight_animation_duration&quot;:1200,&quot;highlight_iteration_delay&quot;:8000}\" data-widget_type=\"animated-headline.default\">\n\t\t\t\t<div class=\"elementor-widget-container\">\n\t\t\t\t\t\t\t<h3 class=\"elementor-headline\">\n\t\t\t\t<span class=\"elementor-headline-dynamic-wrapper elementor-headline-text-wrapper\">\n\t\t\t\t\t<span class=\"elementor-headline-dynamic-text elementor-headline-text-active\">Sin que te des cuenta, acabar\u00e1s el mes de julio habiendo estudiado todo lo que te hab\u00edas propuesto.<\/span>\n\t\t\t\t<\/span>\n\t\t\t\t<\/h3>\n\t\t\t\t\t\t<\/div>\n\t\t\t\t<\/div>\n\t\t\t\t<\/div>\n\t\t\t\t\t<\/div>\n\t\t\t\t<\/div>\n\t\t<div class=\"elementor-element elementor-element-f3612be e-flex e-con-boxed e-con e-parent\" data-id=\"f3612be\" data-element_type=\"container\" data-e-type=\"container\">\n\t\t\t\t\t<div class=\"e-con-inner\">\n\t\t<div class=\"elementor-element elementor-element-e5cb0b5 e-con-full e-flex e-con e-child\" data-id=\"e5cb0b5\" data-element_type=\"container\" data-e-type=\"container\">\n\t\t\t\t<div class=\"elementor-element elementor-element-e233877 elementor-widget elementor-widget-image\" data-id=\"e233877\" data-element_type=\"widget\" data-e-type=\"widget\" data-widget_type=\"image.default\">\n\t\t\t\t<div class=\"elementor-widget-container\">\n\t\t\t\t\t\t\t\t\t\t\t\t\t\t\t<img alt=\"\" fetchpriority=\"high\" decoding=\"async\" width=\"768\" height=\"576\" src=\"https:\/\/espaidelestudi.com\/wp-content\/uploads\/2025\/12\/IMG_20191217_180250_04-768x576.jpg.webp\" class=\"attachment-large size-large wp-image-406\" alt=\"\" srcset=\"https:\/\/espaidelestudi.com\/wp-content\/uploads\/2025\/12\/IMG_20191217_180250_04-768x576.jpg.webp 768w, https:\/\/espaidelestudi.com\/wp-content\/uploads\/2025\/12\/IMG_20191217_180250_04-768x576.jpg-300x225.webp 300w\" sizes=\"(max-width: 768px) 100vw, 768px\" \/>\t\t\t\t\t\t\t\t\t\t\t\t\t\t\t<\/div>\n\t\t\t\t<\/div>\n\t\t\t\t<\/div>\n\t\t<div class=\"elementor-element elementor-element-267f034 e-con-full e-flex e-con e-child\" data-id=\"267f034\" data-element_type=\"container\" data-e-type=\"container\" data-settings=\"{&quot;background_background&quot;:&quot;classic&quot;}\">\n\t\t\t\t<div class=\"elementor-element elementor-element-031d396 elementor-widget elementor-widget-text-editor\" data-id=\"031d396\" data-element_type=\"widget\" data-e-type=\"widget\" data-widget_type=\"text-editor.default\">\n\t\t\t\t<div class=\"elementor-widget-container\">\n\t\t\t\t\t\t\t\t\t<p>En el Aula de Verano avanzar\u00e1s en el trabajo, semana a semana, con un equipo de profesores a tu disposici\u00f3n que te ayudaremos a planificarte, entender los contenidos y ense\u00f1arte estrategias y pautas de estudio que te servir\u00e1n de ahora en adelante.<\/p>\t\t\t\t\t\t\t\t<\/div>\n\t\t\t\t<\/div>\n\t\t\t\t<\/div>\n\t\t\t\t\t<\/div>\n\t\t\t\t<\/div>\n\t\t<div class=\"elementor-element elementor-element-63bf7cf e-flex e-con-boxed e-con e-parent\" data-id=\"63bf7cf\" data-element_type=\"container\" data-e-type=\"container\">\n\t\t\t\t\t<div class=\"e-con-inner\">\n\t\t<div class=\"elementor-element elementor-element-17f6a43 e-con-full e-flex e-con e-child\" data-id=\"17f6a43\" data-element_type=\"container\" data-e-type=\"container\" data-settings=\"{&quot;background_background&quot;:&quot;classic&quot;}\">\n\t\t\t\t<div class=\"elementor-element elementor-element-36f0452 elementor-widget elementor-widget-heading\" data-id=\"36f0452\" data-element_type=\"widget\" data-e-type=\"widget\" data-widget_type=\"heading.default\">\n\t\t\t\t<div class=\"elementor-widget-container\">\n\t\t\t\t\t<h2 class=\"elementor-heading-title elementor-size-default\">Calendari0<\/h2>\t\t\t\t<\/div>\n\t\t\t\t<\/div>\n\t\t\t\t<div class=\"elementor-element elementor-element-76ec1ac elementor-widget elementor-widget-text-editor\" data-id=\"76ec1ac\" data-element_type=\"widget\" data-e-type=\"widget\" data-widget_type=\"text-editor.default\">\n\t\t\t\t<div class=\"elementor-widget-container\">\n\t\t\t\t\t\t\t\t\t<p><strong>Julio y Agosto<\/strong><\/p><p>De lunes a jueves de 10h a 13h<br \/>(12 horas\/semana)<\/p><p>Del 29 de junio al 23 de julio y del 24 de agosto al 3 de septiembre<\/p>\t\t\t\t\t\t\t\t<\/div>\n\t\t\t\t<\/div>\n\t\t\t\t<div class=\"elementor-element elementor-element-976da4b elementor-widget elementor-widget-heading\" data-id=\"976da4b\" data-element_type=\"widget\" data-e-type=\"widget\" data-widget_type=\"heading.default\">\n\t\t\t\t<div class=\"elementor-widget-container\">\n\t\t\t\t\t<h2 class=\"elementor-heading-title elementor-size-default\">\nPrecios\n<\/h2>\t\t\t\t<\/div>\n\t\t\t\t<\/div>\n\t\t\t\t<div class=\"elementor-element elementor-element-8a517e6 elementor-widget elementor-widget-text-editor\" data-id=\"8a517e6\" data-element_type=\"widget\" data-e-type=\"widget\" data-widget_type=\"text-editor.default\">\n\t\t\t\t<div class=\"elementor-widget-container\">\n\t\t\t\t\t\t\t\t\t<p>5 semanas 485\u20ac<\/p><p>4 semanas 400\u20ac<\/p><p>3 semanas 310\u20ac<\/p><p>2 semanas 215\u20ac<\/p><p>1 semana 115\u20ac<\/p><p>Inscripciones antes del 18 de junio, 45\u20ac de descuento a partir de la tercera semana<\/p>\t\t\t\t\t\t\t\t<\/div>\n\t\t\t\t<\/div>\n\t\t\t\t<\/div>\n\t\t<div class=\"elementor-element elementor-element-a548076 e-con-full e-flex e-con e-child\" data-id=\"a548076\" data-element_type=\"container\" data-e-type=\"container\">\n\t\t\t\t<div class=\"elementor-element elementor-element-3338445 elementor-widget elementor-widget-heading\" data-id=\"3338445\" data-element_type=\"widget\" data-e-type=\"widget\" data-widget_type=\"heading.default\">\n\t\t\t\t<div class=\"elementor-widget-container\">\n\t\t\t\t\t<h2 class=\"elementor-heading-title elementor-size-default\">Ventajas<\/h2>\t\t\t\t<\/div>\n\t\t\t\t<\/div>\n\t\t\t\t<div class=\"elementor-element elementor-element-07a7506 elementor-widget elementor-widget-text-editor\" data-id=\"07a7506\" data-element_type=\"widget\" data-e-type=\"widget\" data-widget_type=\"text-editor.default\">\n\t\t\t\t<div class=\"elementor-widget-container\">\n\t\t\t\t\t\t\t\t\t<div class=\"elementor-element elementor-element-45ea0ceb elementor-icon-list--layout-traditional elementor-list-item-link-full_width elementor-widget elementor-widget-icon-list\" data-id=\"45ea0ceb\" data-element_type=\"widget\" data-widget_type=\"icon-list.default\">\n<div class=\"elementor-widget-container\">\n<div class=\"elementor-element elementor-element-0f46adb elementor-widget elementor-widget-text-editor\" data-id=\"0f46adb\" data-element_type=\"widget\" data-widget_type=\"text-editor.default\">\n<div class=\"elementor-widget-container\">\n<p>Aprovecha las ma\u00f1anas de julio para acabar todos los deberes de verano con la ayuda de profes, si <strong>reconoces que<\/strong>:<\/p>\n<\/div>\n<\/div>\n<ul class=\"elementor-icon-list-items\">\n<li style=\"list-style-type: none;\">\n<ul class=\"elementor-icon-list-items\">\n<li class=\"elementor-icon-list-item\" style=\"text-align: left;\"><span class=\"elementor-icon-list-text\">Si no <b>te organizas<\/b> bien el <b>tiempo<\/b>, con un <b>horario regular<\/b> y <b>constante<\/b>, te encontrar\u00e1s a finales de julio y con un mont\u00f3n de <b>trabajo pendiente<\/b>.<\/span><\/li>\n<li class=\"elementor-icon-list-item\"><span class=\"elementor-icon-list-text\">Cuando trabajas en un <b>entorno tranquilo<\/b>, sin distracciones pero agradable, <b>te concentras mejor<\/b> y no te detienes para levantarte, mirar el m\u00f3vil o abandonar el trabajo.<\/span><\/li>\n<li class=\"elementor-icon-list-item\"><span class=\"elementor-icon-list-text\">Est\u00e1s <b>cansado<\/b> de que se atasquen <b>las dudas<\/b> y de llegar siempre a la conclusi\u00f3n de que necesitas <b>un profesor<\/b> que te cuente bien todo lo que no est\u00e1s entendiendo.<\/span><\/li>\n<li><span class=\"elementor-icon-list-text\">Sabes que si encuentras la manera de <b>concentrar<\/b> todo tu <b>esfuerzo<\/b> en julio <b>,<\/b> seguro que podr\u00e1s <b>disfrutar de las vacaciones en agosto<\/b> sin abrir ni un solo libro.<\/span><\/li>\n<\/ul>\n<\/li>\n<\/ul>\n<\/div>\n<\/div>\t\t\t\t\t\t\t\t<\/div>\n\t\t\t\t<\/div>\n\t\t\t\t<div class=\"elementor-element elementor-element-bc20823 elementor-widget elementor-widget-heading\" data-id=\"bc20823\" data-element_type=\"widget\" data-e-type=\"widget\" data-widget_type=\"heading.default\">\n\t\t\t\t<div class=\"elementor-widget-container\">\n\t\t\t\t\t<h4 class=\"elementor-heading-title elementor-size-default\">\n\u00bfQuieres que hablemos de ello?\n<\/h4>\t\t\t\t<\/div>\n\t\t\t\t<\/div>\n\t\t\t\t<div class=\"elementor-element elementor-element-d85b1c7 elementor-widget elementor-widget-heading\" data-id=\"d85b1c7\" data-element_type=\"widget\" data-e-type=\"widget\" data-widget_type=\"heading.default\">\n\t\t\t\t<div class=\"elementor-widget-container\">\n\t\t\t\t\t<h3 class=\"elementor-heading-title elementor-size-default\">Rellena el formulario y te llamaremos hoy mismo.<\/h3>\t\t\t\t<\/div>\n\t\t\t\t<\/div>\n\t\t\t\t<div class=\"elementor-element elementor-element-e802613 elementor-align-center elementor-widget elementor-widget-button\" data-id=\"e802613\" data-element_type=\"widget\" data-e-type=\"widget\" data-widget_type=\"button.default\">\n\t\t\t\t<div class=\"elementor-widget-container\">\n\t\t\t\t\t\t\t\t\t<div class=\"elementor-button-wrapper\">\n\t\t\t\t\t<a class=\"elementor-button elementor-button-link elementor-size-sm\" href=\"https:\/\/espaidelestudi.com\/contacte\/\">\n\t\t\t\t\t\t<span class=\"elementor-button-content-wrapper\">\n\t\t\t\t\t\t\t\t\t<span class=\"elementor-button-text\">CONTACTAR<\/span>\n\t\t\t\t\t<\/span>\n\t\t\t\t\t<\/a>\n\t\t\t\t<\/div>\n\t\t\t\t\t\t\t\t<\/div>\n\t\t\t\t<\/div>\n\t\t\t\t<\/div>\n\t\t\t\t\t<\/div>\n\t\t\t\t<\/div>\n\t\t\t\t<\/div>\n\t\t","protected":false},"excerpt":{"rendered":"<p>Convocatoria extraordinaria de Septiembre. \u00bfNo conseguiste la nota que necesitabas en la convocatoria de junio? \u00bfQuieres mejorar la nota de alguna asignatura espec\u00edfica? Sin que te des cuenta, acabar\u00e1s el mes de julio habiendo estudiado todo lo que te hab\u00edas propuesto. En el Aula de Verano avanzar\u00e1s en el trabajo, semana a semana, con un [&hellip;]<\/p>\n","protected":false},"author":1,"featured_media":0,"parent":395,"menu_order":0,"comment_status":"closed","ping_status":"closed","template":"","meta":{"_seopress_robots_primary_cat":"","_seopress_titles_title":"","_seopress_titles_desc":"","_seopress_robots_index":"","footnotes":""},"class_list":["post-405","page","type-page","status-publish","hentry"],"_links":{"self":[{"href":"https:\/\/espaidelestudi.com\/es\/wp-json\/wp\/v2\/pages\/405","targetHints":{"allow":["GET"]}}],"collection":[{"href":"https:\/\/espaidelestudi.com\/es\/wp-json\/wp\/v2\/pages"}],"about":[{"href":"https:\/\/espaidelestudi.com\/es\/wp-json\/wp\/v2\/types\/page"}],"author":[{"embeddable":true,"href":"https:\/\/espaidelestudi.com\/es\/wp-json\/wp\/v2\/users\/1"}],"replies":[{"embeddable":true,"href":"https:\/\/espaidelestudi.com\/es\/wp-json\/wp\/v2\/comments?post=405"}],"version-history":[{"count":0,"href":"https:\/\/espaidelestudi.com\/es\/wp-json\/wp\/v2\/pages\/405\/revisions"}],"up":[{"embeddable":true,"href":"https:\/\/espaidelestudi.com\/es\/wp-json\/wp\/v2\/pages\/395"}],"wp:attachment":[{"href":"https:\/\/espaidelestudi.com\/es\/wp-json\/wp\/v2\/media?parent=405"}],"curies":[{"name":"wp","href":"https:\/\/api.w.org\/{rel}","templated":true}]}}