{"id":426,"date":"2025-12-17T11:31:34","date_gmt":"2025-12-17T10:31:34","guid":{"rendered":"https:\/\/espaidelestudi.com\/?page_id=426"},"modified":"2025-12-29T04:47:24","modified_gmt":"2025-12-29T03:47:24","slug":"refuerzo-para-eso","status":"publish","type":"page","link":"https:\/\/espaidelestudi.com\/es\/refuerzo-curso-escolar\/refuerzo-para-eso\/","title":{"rendered":"Refuerzo para ESO"},"content":{"rendered":"\t\t<div data-elementor-type=\"wp-page\" data-elementor-id=\"426\" class=\"elementor elementor-426 elementor-46\" data-elementor-post-type=\"page\">\n\t\t\t\t<div class=\"elementor-element elementor-element-3fcfe59 e-flex e-con-boxed e-con e-parent\" data-id=\"3fcfe59\" data-element_type=\"container\" data-e-type=\"container\" data-settings=\"{&quot;background_background&quot;:&quot;classic&quot;,&quot;shape_divider_bottom&quot;:&quot;split&quot;}\">\n\t\t\t\t\t<div class=\"e-con-inner\">\n\t\t\t\t<div class=\"elementor-shape elementor-shape-bottom\" aria-hidden=\"true\" data-negative=\"false\">\n\t\t\t<svg xmlns=\"http:\/\/www.w3.org\/2000\/svg\" viewBox=\"0 0 1000 20\" preserveAspectRatio=\"none\">\n\t<path class=\"elementor-shape-fill\" d=\"M0,0v3c0,0,393.8,0,483.4,0c9.2,0,16.6,7.4,16.6,16.6c0-9.1,7.4-16.6,16.6-16.6C606.2,3,1000,3,1000,3V0H0z\"\/>\n<\/svg>\t\t<\/div>\n\t\t\t\t<div class=\"elementor-element elementor-element-848ad5d elementor-widget-mobile__width-inherit elementor-widget elementor-widget-heading\" data-id=\"848ad5d\" data-element_type=\"widget\" data-e-type=\"widget\" data-widget_type=\"heading.default\">\n\t\t\t\t<div class=\"elementor-widget-container\">\n\t\t\t\t\t<h2 class=\"elementor-heading-title elementor-size-default\">Refuerzo para ESO<\/h2>\t\t\t\t<\/div>\n\t\t\t\t<\/div>\n\t\t\t\t\t<\/div>\n\t\t\t\t<\/div>\n\t\t<div class=\"elementor-element elementor-element-dd0c9a6 e-flex e-con-boxed e-con e-parent\" data-id=\"dd0c9a6\" data-element_type=\"container\" data-e-type=\"container\">\n\t\t\t\t\t<div class=\"e-con-inner\">\n\t\t<div class=\"elementor-element elementor-element-4a85fdb e-con-full e-flex e-con e-child\" data-id=\"4a85fdb\" data-element_type=\"container\" data-e-type=\"container\">\n\t\t\t\t<div class=\"elementor-element elementor-element-b8b6b7a elementor-widget elementor-widget-heading\" data-id=\"b8b6b7a\" data-element_type=\"widget\" data-e-type=\"widget\" data-widget_type=\"heading.default\">\n\t\t\t\t<div class=\"elementor-widget-container\">\n\t\t\t\t\t<h2 class=\"elementor-heading-title elementor-size-default\">\nDesde que ha empezado la ESO:\n<\/h2>\t\t\t\t<\/div>\n\t\t\t\t<\/div>\n\t\t\t\t<div class=\"elementor-element elementor-element-8e1c5e7 elementor-widget elementor-widget-text-editor\" data-id=\"8e1c5e7\" data-element_type=\"widget\" data-e-type=\"widget\" data-widget_type=\"text-editor.default\">\n\t\t\t\t<div class=\"elementor-widget-container\">\n\t\t\t\t\t\t\t\t\tPresenta <strong>dificultades de aprendizaje<\/strong> de contenidos o materias concretas.\n\nEst\u00e1 disperso\/a y os preocupa ver que nunca <strong>no hace deberes ni estudia<\/strong>.\n\n<strong>Suspende continuamente<\/strong> porque no presenta las tareas a tiempo, <strong>no se organiza<\/strong> y no sabe usar la agenda.\n\n<strong>Ha perdido el inter\u00e9s<\/strong> por prepararse los ex\u00e1menes porque dice que suspender\u00e1 igualmente.\n\n<strong>Est\u00e1 perdiendo autoestima<\/strong> y dice que no sirve para nada estudiar.\t\t\t\t\t\t\t\t<\/div>\n\t\t\t\t<\/div>\n\t\t\t\t<\/div>\n\t\t<div class=\"elementor-element elementor-element-be35c70 e-con-full e-flex e-con e-child\" data-id=\"be35c70\" data-element_type=\"container\" data-e-type=\"container\">\n\t\t\t\t<div class=\"elementor-element elementor-element-7617640 elementor-headline--style-highlight elementor-widget elementor-widget-animated-headline\" data-id=\"7617640\" data-element_type=\"widget\" data-e-type=\"widget\" data-settings=\"{&quot;highlighted_text&quot;:&quot;En el Espacio del estudio encontrar\\u00e9is la respuesta porque sabemos que la soluci\\u00f3n a este conflicto pasa por trabajar de manera global, individualizada y con continuidad para revertir esta situaci\\u00f3n lo antes posible.&quot;,&quot;headline_style&quot;:&quot;highlight&quot;,&quot;marker&quot;:&quot;circle&quot;,&quot;loop&quot;:&quot;yes&quot;,&quot;highlight_animation_duration&quot;:1200,&quot;highlight_iteration_delay&quot;:8000}\" data-widget_type=\"animated-headline.default\">\n\t\t\t\t<div class=\"elementor-widget-container\">\n\t\t\t\t\t\t\t<h3 class=\"elementor-headline\">\n\t\t\t\t<span class=\"elementor-headline-dynamic-wrapper elementor-headline-text-wrapper\">\n\t\t\t\t\t<span class=\"elementor-headline-dynamic-text elementor-headline-text-active\">En el Espacio del estudio encontrar\u00e9is la respuesta porque sabemos que la soluci\u00f3n a este conflicto pasa por trabajar de manera global, individualizada y con continuidad para revertir esta situaci\u00f3n lo antes posible.<\/span>\n\t\t\t\t<\/span>\n\t\t\t\t<\/h3>\n\t\t\t\t\t\t<\/div>\n\t\t\t\t<\/div>\n\t\t\t\t<\/div>\n\t\t\t\t\t<\/div>\n\t\t\t\t<\/div>\n\t\t<div class=\"elementor-element elementor-element-bcfff81 e-flex e-con-boxed e-con e-parent\" data-id=\"bcfff81\" data-element_type=\"container\" data-e-type=\"container\">\n\t\t\t\t\t<div class=\"e-con-inner\">\n\t\t<div class=\"elementor-element elementor-element-9c18733 e-con-full e-flex e-con e-child\" data-id=\"9c18733\" data-element_type=\"container\" data-e-type=\"container\">\n\t\t\t\t<div class=\"elementor-element elementor-element-97e8eef elementor-widget elementor-widget-image\" data-id=\"97e8eef\" data-element_type=\"widget\" data-e-type=\"widget\" data-widget_type=\"image.default\">\n\t\t\t\t<div class=\"elementor-widget-container\">\n\t\t\t\t\t\t\t\t\t\t\t\t\t\t\t<img alt=\"\" fetchpriority=\"high\" decoding=\"async\" width=\"600\" height=\"429\" src=\"https:\/\/espaidelestudi.com\/wp-content\/uploads\/2025\/12\/reforceSEO.png\" class=\"attachment-large size-large wp-image-425\" alt=\"\" srcset=\"https:\/\/espaidelestudi.com\/wp-content\/uploads\/2025\/12\/reforceSEO.png 600w, https:\/\/espaidelestudi.com\/wp-content\/uploads\/2025\/12\/reforceSEO-300x215.png 300w\" sizes=\"(max-width: 600px) 100vw, 600px\" \/>\t\t\t\t\t\t\t\t\t\t\t\t\t\t\t<\/div>\n\t\t\t\t<\/div>\n\t\t\t\t<\/div>\n\t\t<div class=\"elementor-element elementor-element-5c982b1 e-con-full e-flex e-con e-child\" data-id=\"5c982b1\" data-element_type=\"container\" data-e-type=\"container\" data-settings=\"{&quot;background_background&quot;:&quot;classic&quot;}\">\n\t\t\t\t<div class=\"elementor-element elementor-element-7eb839a elementor-widget elementor-widget-text-editor\" data-id=\"7eb839a\" data-element_type=\"widget\" data-e-type=\"widget\" data-widget_type=\"text-editor.default\">\n\t\t\t\t<div class=\"elementor-widget-container\">\n\t\t\t\t\t\t\t\t\tCon un<strong> equipo de profesores<\/strong> que le ayudaremos a planificar el trabajo, entender los contenidos y ense\u00f1arle estrategias y pautas de estudio, sin limitaciones horarias, con coordinaci\u00f3n con la familia y con los tutores.\t\t\t\t\t\t\t\t<\/div>\n\t\t\t\t<\/div>\n\t\t\t\t<\/div>\n\t\t\t\t\t<\/div>\n\t\t\t\t<\/div>\n\t\t<div class=\"elementor-element elementor-element-9fdaa83 e-flex e-con-boxed e-con e-parent\" data-id=\"9fdaa83\" data-element_type=\"container\" data-e-type=\"container\">\n\t\t\t\t\t<div class=\"e-con-inner\">\n\t\t<div class=\"elementor-element elementor-element-21d0d9e e-con-full e-flex e-con e-child\" data-id=\"21d0d9e\" data-element_type=\"container\" data-e-type=\"container\" data-settings=\"{&quot;background_background&quot;:&quot;classic&quot;}\">\n\t\t\t\t<div class=\"elementor-element elementor-element-a2f694d elementor-widget elementor-widget-heading\" data-id=\"a2f694d\" data-element_type=\"widget\" data-e-type=\"widget\" data-widget_type=\"heading.default\">\n\t\t\t\t<div class=\"elementor-widget-container\">\n\t\t\t\t\t<h2 class=\"elementor-heading-title elementor-size-default\">Calendario<\/h2>\t\t\t\t<\/div>\n\t\t\t\t<\/div>\n\t\t\t\t<div class=\"elementor-element elementor-element-85f5c47 elementor-widget elementor-widget-text-editor\" data-id=\"85f5c47\" data-element_type=\"widget\" data-e-type=\"widget\" data-widget_type=\"text-editor.default\">\n\t\t\t\t<div class=\"elementor-widget-container\">\n\t\t\t\t\t\t\t\t\tDe <strong>16.00 a 20.00h<\/strong> (de lunes a jueves) y\n\nDe lunes a jueves de 16 a 20hs, viernes de 16 a 19:30hs\t\t\t\t\t\t\t\t<\/div>\n\t\t\t\t<\/div>\n\t\t\t\t<div class=\"elementor-element elementor-element-58cd813 elementor-widget elementor-widget-heading\" data-id=\"58cd813\" data-element_type=\"widget\" data-e-type=\"widget\" data-widget_type=\"heading.default\">\n\t\t\t\t<div class=\"elementor-widget-container\">\n\t\t\t\t\t<h2 class=\"elementor-heading-title elementor-size-default\">\nPrecios\n<\/h2>\t\t\t\t<\/div>\n\t\t\t\t<\/div>\n\t\t\t\t<div class=\"elementor-element elementor-element-955ff4a elementor-widget elementor-widget-text-editor\" data-id=\"955ff4a\" data-element_type=\"widget\" data-e-type=\"widget\" data-widget_type=\"text-editor.default\">\n\t\t\t\t<div class=\"elementor-widget-container\">\n\t\t\t\t\t\t\t\t\tMatr\u00edcula <strong>140\u20ac<\/strong> (Consultad descuentos)\n\nMatr\u00edcula 140\u20ac\n\nCuota mensual 140\u20ac\t\t\t\t\t\t\t\t<\/div>\n\t\t\t\t<\/div>\n\t\t\t\t<div class=\"elementor-element elementor-element-fb439eb elementor-widget elementor-widget-heading\" data-id=\"fb439eb\" data-element_type=\"widget\" data-e-type=\"widget\" data-widget_type=\"heading.default\">\n\t\t\t\t<div class=\"elementor-widget-container\">\n\t\t\t\t\t<h2 class=\"elementor-heading-title elementor-size-default\">Duraci\u00f3n<\/h2>\t\t\t\t<\/div>\n\t\t\t\t<\/div>\n\t\t\t\t<div class=\"elementor-element elementor-element-efa8499 elementor-widget elementor-widget-text-editor\" data-id=\"efa8499\" data-element_type=\"widget\" data-e-type=\"widget\" data-widget_type=\"text-editor.default\">\n\t\t\t\t<div class=\"elementor-widget-container\">\n\t\t\t\t\t\t\t\t\t<p>El curso escolar<br \/>El curso escolar<\/p><p>(incorporaci\u00f3n en cualquier momento si hay plaza)<\/p>\t\t\t\t\t\t\t\t<\/div>\n\t\t\t\t<\/div>\n\t\t\t\t<\/div>\n\t\t<div class=\"elementor-element elementor-element-c1f6874 e-con-full e-flex e-con e-child\" data-id=\"c1f6874\" data-element_type=\"container\" data-e-type=\"container\">\n\t\t\t\t<div class=\"elementor-element elementor-element-830ab36 elementor-widget elementor-widget-heading\" data-id=\"830ab36\" data-element_type=\"widget\" data-e-type=\"widget\" data-widget_type=\"heading.default\">\n\t\t\t\t<div class=\"elementor-widget-container\">\n\t\t\t\t\t<h4 class=\"elementor-heading-title elementor-size-default\">\u00bfQuieres m\u00e1s informaci\u00f3n sobre el curso?\n\n<\/h4>\t\t\t\t<\/div>\n\t\t\t\t<\/div>\n\t\t\t\t<div class=\"elementor-element elementor-element-86353a6 elementor-widget elementor-widget-heading\" data-id=\"86353a6\" data-element_type=\"widget\" data-e-type=\"widget\" data-widget_type=\"heading.default\">\n\t\t\t\t<div class=\"elementor-widget-container\">\n\t\t\t\t\t<h3 class=\"elementor-heading-title elementor-size-default\">Escr\u00edbenos y hablaremos contigo en relaci\u00f3n a tu caso<\/h3>\t\t\t\t<\/div>\n\t\t\t\t<\/div>\n\t\t\t\t<div class=\"elementor-element elementor-element-3cf4db4 elementor-align-center elementor-widget elementor-widget-button\" data-id=\"3cf4db4\" data-element_type=\"widget\" data-e-type=\"widget\" data-widget_type=\"button.default\">\n\t\t\t\t<div class=\"elementor-widget-container\">\n\t\t\t\t\t\t\t\t\t<div class=\"elementor-button-wrapper\">\n\t\t\t\t\t<a class=\"elementor-button elementor-button-link elementor-size-sm\" href=\"https:\/\/espaidelestudi.com\/contacte\/\">\n\t\t\t\t\t\t<span class=\"elementor-button-content-wrapper\">\n\t\t\t\t\t\t\t\t\t<span class=\"elementor-button-text\">CONTACTAR<\/span>\n\t\t\t\t\t<\/span>\n\t\t\t\t\t<\/a>\n\t\t\t\t<\/div>\n\t\t\t\t\t\t\t\t<\/div>\n\t\t\t\t<\/div>\n\t\t\t\t<\/div>\n\t\t\t\t\t<\/div>\n\t\t\t\t<\/div>\n\t\t\t\t<\/div>\n\t\t","protected":false},"excerpt":{"rendered":"<p>Desde que ha empezado la ESO: Presenta dificultades de aprendizaje de contenidos o materias concretas. Est\u00e1 disperso\/a y os preocupa ver que nunca no hace deberes ni estudia. Suspende continuamente porque no presenta las tareas a tiempo, no se organiza y no sabe usar la agenda. Ha perdido el inter\u00e9s por prepararse los ex\u00e1menes porque [&hellip;]<\/p>\n","protected":false},"author":1,"featured_media":0,"parent":420,"menu_order":0,"comment_status":"closed","ping_status":"closed","template":"","meta":{"_seopress_robots_primary_cat":"","_seopress_titles_title":"","_seopress_titles_desc":"","_seopress_robots_index":"","footnotes":""},"class_list":["post-426","page","type-page","status-publish","hentry"],"_links":{"self":[{"href":"https:\/\/espaidelestudi.com\/es\/wp-json\/wp\/v2\/pages\/426","targetHints":{"allow":["GET"]}}],"collection":[{"href":"https:\/\/espaidelestudi.com\/es\/wp-json\/wp\/v2\/pages"}],"about":[{"href":"https:\/\/espaidelestudi.com\/es\/wp-json\/wp\/v2\/types\/page"}],"author":[{"embeddable":true,"href":"https:\/\/espaidelestudi.com\/es\/wp-json\/wp\/v2\/users\/1"}],"replies":[{"embeddable":true,"href":"https:\/\/espaidelestudi.com\/es\/wp-json\/wp\/v2\/comments?post=426"}],"version-history":[{"count":0,"href":"https:\/\/espaidelestudi.com\/es\/wp-json\/wp\/v2\/pages\/426\/revisions"}],"up":[{"embeddable":true,"href":"https:\/\/espaidelestudi.com\/es\/wp-json\/wp\/v2\/pages\/420"}],"wp:attachment":[{"href":"https:\/\/espaidelestudi.com\/es\/wp-json\/wp\/v2\/media?parent=426"}],"curies":[{"name":"wp","href":"https:\/\/api.w.org\/{rel}","templated":true}]}}